{"id":5916,"date":"2026-01-14T10:26:44","date_gmt":"2026-01-14T09:26:44","guid":{"rendered":"https:\/\/www.tarkabarka.li\/projektek\/tarkabarka-boengeszo-koenvy\/"},"modified":"2026-03-18T09:16:10","modified_gmt":"2026-03-18T08:16:10","slug":"tarkabarka-bongeszo-konvy","status":"publish","type":"page","link":"https:\/\/www.tarkabarka.li\/hu\/projektek\/tarkabarka-bongeszo-konvy\/","title":{"rendered":"Tarkabarka b\u00f6ng\u00e9sz\u0151 k\u00f6nvy"},"content":{"rendered":"\n<figure class=\"wp-block-image size-large hero-img\"><img loading=\"lazy\" decoding=\"async\" width=\"1024\" height=\"393\" src=\"https:\/\/www.tarkabarka.li\/wp-content\/uploads\/2026\/01\/compagnie_tarkabarka_wimmelbuch-1024x393.jpg\" alt=\"\" class=\"wp-image-5892\" srcset=\"https:\/\/www.tarkabarka.li\/wp-content\/uploads\/2026\/01\/compagnie_tarkabarka_wimmelbuch-1024x393.jpg 1024w, https:\/\/www.tarkabarka.li\/wp-content\/uploads\/2026\/01\/compagnie_tarkabarka_wimmelbuch-300x115.jpg 300w, https:\/\/www.tarkabarka.li\/wp-content\/uploads\/2026\/01\/compagnie_tarkabarka_wimmelbuch-768x295.jpg 768w, https:\/\/www.tarkabarka.li\/wp-content\/uploads\/2026\/01\/compagnie_tarkabarka_wimmelbuch-24x9.jpg 24w, https:\/\/www.tarkabarka.li\/wp-content\/uploads\/2026\/01\/compagnie_tarkabarka_wimmelbuch-36x14.jpg 36w, https:\/\/www.tarkabarka.li\/wp-content\/uploads\/2026\/01\/compagnie_tarkabarka_wimmelbuch-48x18.jpg 48w, https:\/\/www.tarkabarka.li\/wp-content\/uploads\/2026\/01\/compagnie_tarkabarka_wimmelbuch.jpg 1355w\" sizes=\"auto, (max-width: 1024px) 100vw, 1024px\" \/><\/figure>\n\n\n\n<div class=\"wp-block-columns is-layout-flex wp-container-core-columns-is-layout-9d6595d7 wp-block-columns-is-layout-flex\">\n<div class=\"wp-block-column regular-box is-layout-flow wp-block-column-is-layout-flow\">\n<h1 class=\"wp-block-heading\">Tarkabarka b\u00f6ng\u00e9sz\u0151 k\u00f6nvy<\/h1>\n\n\n\n<p>A Tarkabarka t\u00e1rsulat 10 \u00e9ves \u00e9vfordul\u00f3ja alkalm\u00e1b\u00f3l kiadtunk egy b\u00f6ng\u00e9sz\u0151 k\u00f6nvyet ami betekint\u00e9st ny\u00fajt \u00e9let\u00fcnkbe \u00e9s munk\u00e1nkba. A 10 duplaoldal megrajzol\u00e1s\u00e1t a liechtensteini illusztr\u00e1tor <a href=\"https:\/\/elianeschaedler.com\/\">Sch\u00e4dler Eliane<\/a>-ra b\u00edztuk aki imm\u00e1r \u00e9lete harmadik b\u00f6ng\u00e9sz\u0151 k\u00f6nvy\u00e9t val\u00f3s\u00edtja meg.<\/p>\n<\/div>\n<\/div>\n\n\n\n<div class=\"wp-block-columns is-layout-flex wp-container-core-columns-is-layout-9d6595d7 wp-block-columns-is-layout-flex\">\n<div class=\"wp-block-column regular-box is-layout-flow wp-block-column-is-layout-flow\">\n<h2 class=\"wp-block-heading\">K\u00f6nyvbemutat\u00f3<\/h2>\n\n\n\n<p>A k\u00f6nyvbemutat\u00f3 \u00e1prilis 19-\u00e9n lesz 14-\u00f3rakor a <a href=\"A k\u00f6nyvbemutat\u00f3 \u00e1prilis 19-\u00e9n lesz 14-\u00f3rakor a Hofst\u00e4tte nevezet\u0171 \u00e9p\u00fcletben a Hintergass 37 sz\u00e1m alatt Vaduz-ban. Ott helyben meg is v\u00e1s\u00e1rolhat\u00f3 a k\u00f6nvy. T\u00f6bb inform\u00e1ci\u00f3 hamarosan\u2026\">Hofst\u00e4tte nevezet\u0171 \u00e9p\u00fcletben a Hintergass 37<\/a> sz\u00e1m alatt Vaduz-ban. <\/p>\n\n\n\n<p>a program a k\u00f6vetkez\u0151:<\/p>\n\n\n\n<ul class=\"wp-block-list\">\n<li>a Tarkabarka komp\u00e1nia r\u00f6vid m\u0171sora<\/li>\n\n\n\n<li>k\u00f6nvybemutat\u00f3<\/li>\n\n\n\n<li>eredeti v\u00e1zlatok \u00e9s k\u00e9pek ki\u00e1ll\u00edt\u00e1sa<\/li>\n\n\n\n<li>Ap\u00e8ro<\/li>\n\n\n\n<li>rajzol\u00f3 \u00e9s olvas\u00f3 sarok<\/li>\n\n\n\n<li>vid\u00e1m egy\u00fcttl\u00e9t<\/li>\n<\/ul>\n\n\n\n<p>A b\u00f6ng\u00e9sz\u0151 k\u00f6nyvet CHF 20.- -\u00e9rt a k\u00f6nyvbemutat\u00f3n meg lehet v\u00e1s\u00e1rolni. K\u00e9s\u00f6bb <a href=\"mailto: info@tarkabarka.li\">E-Mail<\/a>-ben is megrendelhet\u0151 szint\u00e9n CHF 20.- -\u00e9rt plusz postak\u00f6lts\u00e9g.<\/p>\n\n\n\n<p>nincsenek parkol\u00f3helyek<\/p>\n\n\n\n<p>k\u00e9rj\u00fck haszn\u00e1lj\u00e1k a parkol\u00f3kat az egyetemn\u00e9l vagy k\u00f6zel\u00edts\u00e9k meg a helysz\u00ednt nyilv\u00e1nos k\u00f6zleked\u00e9ssel (helyi busz, &#8222;Rotes Haus&#8221; meg\u00e1ll\u00f3), biciklivel vagy gyalogosan.<\/p>\n\n\n\n<figure class=\"wp-block-embed is-type-video is-provider-vimeo wp-block-embed-vimeo\"><div style=\"display: contents;\" >\n\n<div data-mode=\"normal\" data-oembed=\"1\" data-provider=\"vimeo\" id=\"arve-vimeo-1152672739\" class=\"arve\">\n\t<div class=\"arve-inner\">\n\t\t<div style=\"aspect-ratio:500\/281\" class=\"arve-embed arve-embed--has-aspect-ratio\">\n\t\t\t<div class=\"arve-ar\" style=\"padding-top:56.200000%\"><\/div>\n\t\t\t<iframe allow=\"accelerometer &#039;none&#039;;autoplay &#039;none&#039;;bluetooth &#039;none&#039;;browsing-topics &#039;none&#039;;camera &#039;none&#039;;clipboard-read &#039;none&#039;;clipboard-write;display-capture &#039;none&#039;;encrypted-media &#039;none&#039;;gamepad &#039;none&#039;;geolocation &#039;none&#039;;gyroscope &#039;none&#039;;hid &#039;none&#039;;identity-credentials-get &#039;none&#039;;idle-detection &#039;none&#039;;keyboard-map &#039;none&#039;;local-fonts;magnetometer &#039;none&#039;;microphone &#039;none&#039;;midi &#039;none&#039;;otp-credentials &#039;none&#039;;payment &#039;none&#039;;picture-in-picture;publickey-credentials-create &#039;none&#039;;publickey-credentials-get &#039;none&#039;;screen-wake-lock &#039;none&#039;;serial &#039;none&#039;;summarizer &#039;none&#039;;sync-xhr;usb &#039;none&#039;;web-share;window-management &#039;none&#039;;xr-spatial-tracking &#039;none&#039;;\" allowfullscreen=\"\" class=\"arve-iframe fitvidsignore\" credentialless data-arve=\"arve-vimeo-1152672739\" data-lenis-prevent=\"\" data-src-no-ap=\"https:\/\/player.vimeo.com\/video\/1152672739?dnt=1&amp;app_id=122963&amp;transparent=0&amp;title=1&amp;byline=0&amp;portrait=0&amp;autoplay=0\" frameborder=\"0\" height=\"0\" loading=\"lazy\" name=\"\" referrerpolicy=\"strict-origin-when-cross-origin\" sandbox=\"allow-scripts allow-same-origin allow-presentation allow-popups allow-popups-to-escape-sandbox allow-forms\" scrolling=\"no\" src=\"https:\/\/player.vimeo.com\/video\/1152672739?dnt=1&#038;app_id=122963&#038;transparent=0&#038;title=1&#038;byline=0&#038;portrait=0&#038;autoplay=0\" title=\"\" width=\"0\"><\/iframe>\n\t\t\t\n\t\t<\/div>\n\t\t\n\t<\/div>\n\t\n\t\n\t<script type=\"application\/ld+json\">{\"@context\":\"http:\\\/\\\/schema.org\\\/\",\"@id\":\"https:\\\/\\\/www.tarkabarka.li\\\/hu\\\/projektek\\\/tarkabarka-bongeszo-konvy\\\/#arve-vimeo-1152672739\",\"type\":\"VideoObject\",\"embedURL\":\"https:\\\/\\\/player.vimeo.com\\\/video\\\/1152672739?dnt=1&app_id=122963&transparent=0&title=1&byline=0&portrait=0&autoplay=0\"}<\/script>\n\t\n<\/div>\n<\/div><\/figure>\n<\/div>\n\n\n\n<div class=\"wp-block-column regular-box is-layout-flow wp-block-column-is-layout-flow\">\n<h2 class=\"wp-block-heading\">Megh\u00edv\u00f3<\/h2>\n\n\n\n<figure class=\"wp-block-image size-full\"><img loading=\"lazy\" decoding=\"async\" width=\"727\" height=\"1024\" src=\"https:\/\/www.tarkabarka.li\/wp-content\/uploads\/2026\/02\/vernissage_tarkabarka_wimmelbuch.jpg\" alt=\"Tarkabarka Wimmelbuch, Zirkustheater, Zirkus Wimmelbuch, Liechtenstein, Eliane Sch\u00e4dler, Vernissage,\" class=\"wp-image-6041\" srcset=\"https:\/\/www.tarkabarka.li\/wp-content\/uploads\/2026\/02\/vernissage_tarkabarka_wimmelbuch.jpg 727w, https:\/\/www.tarkabarka.li\/wp-content\/uploads\/2026\/02\/vernissage_tarkabarka_wimmelbuch-213x300.jpg 213w, https:\/\/www.tarkabarka.li\/wp-content\/uploads\/2026\/02\/vernissage_tarkabarka_wimmelbuch-17x24.jpg 17w, https:\/\/www.tarkabarka.li\/wp-content\/uploads\/2026\/02\/vernissage_tarkabarka_wimmelbuch-26x36.jpg 26w, https:\/\/www.tarkabarka.li\/wp-content\/uploads\/2026\/02\/vernissage_tarkabarka_wimmelbuch-34x48.jpg 34w\" sizes=\"auto, (max-width: 727px) 100vw, 727px\" \/><\/figure>\n<\/div>\n<\/div>\n\n\n\n<div class=\"wp-block-columns is-layout-flex wp-container-core-columns-is-layout-9d6595d7 wp-block-columns-is-layout-flex\">\n<div class=\"wp-block-column regular-box is-layout-flow wp-block-column-is-layout-flow\">\n<h2 class=\"wp-block-heading\">T\u00e1mogat\u00e1s<\/h2>\n\n\n\n<p>A b\u00f6ng\u00e9sz\u0151 k\u00f6nyv f\u0151t\u00e1mogat\u00f3ja a:<\/p>\n\n\n\n<div class=\"wp-block-columns is-layout-flex wp-container-core-columns-is-layout-9d6595d7 wp-block-columns-is-layout-flex\">\n<div class=\"wp-block-column is-layout-flow wp-block-column-is-layout-flow\" style=\"flex-basis:100%\">\n<figure class=\"wp-block-image size-full\"><a href=\"https:\/\/www.kulturstiftung.li\/\"><img loading=\"lazy\" decoding=\"async\" width=\"280\" height=\"100\" src=\"https:\/\/www.tarkabarka.li\/wp-content\/uploads\/2024\/09\/kultur-liechtenstein.jpg\" alt=\"\" class=\"wp-image-5071\" srcset=\"https:\/\/www.tarkabarka.li\/wp-content\/uploads\/2024\/09\/kultur-liechtenstein.jpg 280w, https:\/\/www.tarkabarka.li\/wp-content\/uploads\/2024\/09\/kultur-liechtenstein-24x9.jpg 24w, https:\/\/www.tarkabarka.li\/wp-content\/uploads\/2024\/09\/kultur-liechtenstein-36x13.jpg 36w, https:\/\/www.tarkabarka.li\/wp-content\/uploads\/2024\/09\/kultur-liechtenstein-48x17.jpg 48w\" sizes=\"auto, (max-width: 280px) 100vw, 280px\" \/><\/a><\/figure>\n<\/div>\n<\/div>\n\n\n\n<p>Sz\u00edvb\u0151l k\u00f6sz\u00f6nj\u00fck a t\u00f6bbi alap\u00edtv\u00e1ny t\u00e1mogat\u00e1s\u00e1t:<\/p>\n\n\n\n<ul class=\"wp-block-list\">\n<li>Erna M\u00fcndle Stiftung<\/li>\n\n\n\n<li>Hand in Hand Anstalt<\/li>\n\n\n\n<li>VP Bank Stiftung<\/li>\n<\/ul>\n\n\n\n<p>Egy \u00f3ri\u00e1si tapsvihart az \u00f6sszes t\u00e1mogat\u00f3nknak a t\u00f6megfinansziroz\u00e1sunk megval\u00f3sul\u00e1s\u00e1\u00e9rt a <a href=\"https:\/\/wemakeit.com\/projects\/zirkus-wimmelbuch\">We Make It<\/a>-oldalon !!!<\/p>\n<\/div>\n\n\n\n<div class=\"wp-block-column regular-box is-layout-flow wp-block-column-is-layout-flow\">\n<h2 class=\"wp-block-heading\">Tartalom<\/h2>\n\n\n\n<p>A b\u00f6ng\u00e9sz\u0151 k\u00f6nyv betekint\u00e9st ad \u00e9let\u00fcnkbe \u00e9s munk\u00e1nkba. Minden oldalon a munk\u00e1nk egy m\u00e1sik r\u00e9sz\u00e9t mutatjuk be. Rengeteg felfedezni val\u00f3 v\u00e1rja az olvas\u00f3t: p\u00e9ld\u00e1ul minden oldalon az Uli nev\u0171 nyuszi b\u00fajk\u00e1l \u00e9s Buksi kuty\u00e1nk piros gumic-cumi j\u00e1t\u00e9k\u00e1t lehet megkeresni. R\u00e1ad\u00e1sul  tal\u00e1lsz m\u00e9g itt minden oldalhoz egy k\u00fcl\u00f6n k\u00e9rd\u00e9st.<\/p>\n\n\n\n<p>1. <strong>\u00daton<\/strong>: a cirkuszkocsi fogat \u00e9s a Volkswagen-busz egy v\u00e1rosban. <mark style=\"background-color:rgba(0, 0, 0, 0)\" class=\"has-inline-color has-vivid-cyan-blue-color\">&#8211;&gt; Megismered a v\u00e1rost?<\/mark><\/p>\n\n\n\n<p>2. \u00c9rkez\u00e9s: berendezked\u00e9s \u00e9s sz\u00ednpad \u00e9p\u00edt\u00e9s <mark style=\"background-color:rgba(0, 0, 0, 0)\" class=\"has-inline-color has-vivid-cyan-blue-color\">&#8211;&gt; megtal\u00e1lod a k\u00fcl\u00f6nleges osztagot?<\/mark><\/p>\n\n\n\n<p>3. Vihar: szakad az es\u0151 \u00e9s vill\u00e1mlik! R\u00f6viddel az el\u0151ad\u00e1s el\u0151tt mindent el kell r\u00e1molni! <mark style=\"background-color:rgba(0, 0, 0, 0)\" class=\"has-inline-color has-vivid-cyan-blue-color\">&#8211;&gt; Ki szeret bele kibe?<\/mark><\/p>\n\n\n\n<p>4. El\u0151ad\u00e1s!: itt a k\u00f6z\u00f6ns\u00e9g \u00e9s kis\u00fct\u00f6tt a nap. Kezd\u0151dhet az el\u0151ad\u00e1s! <mark style=\"background-color:rgba(0, 0, 0, 0)\" class=\"has-inline-color has-vivid-cyan-blue-color\">&#8211;&gt; Ki rep\u00fcl fel a magasba?<\/mark><\/p>\n\n\n\n<p>5. \u00c9jszaka: \u00e9jjel van de m\u00e9g sokmindeki mozgol\u00f3dik&#8230; <mark style=\"background-color:rgba(0, 0, 0, 0)\" class=\"has-inline-color has-vivid-cyan-blue-color\">&#8211;&gt; Ki zuhanyozik?<\/mark><\/p>\n\n\n\n<p>6. K\u00fclf\u00f6ldi projektek: Tarkabarka komp\u00e1nia d\u00e9lk\u00f3re\u00e1ban, Scheppe &amp; Boko a &#8222;Clowns for Humanity&#8221;-k\u00f6r\u00faton Sri Lanka sziget\u00e9n \u00e9s a &#8222;Men On Birds&#8221; utcai m\u0171sor Olaszorsz\u00e1gban <mark style=\"background-color:rgba(0, 0, 0, 0)\" class=\"has-inline-color has-vivid-cyan-blue-color\">&#8211;&gt;melyik v\u00e1rosban lovagolnak a struccok?<\/mark><\/p>\n\n\n\n<p>7. Tan\u00edt\u00e1s: betekint\u00e9s a cirkusz \u00e9s sz\u00ednh\u00e1zpedag\u00f3giai munk\u00e1nkba <mark style=\"background-color:rgba(0, 0, 0, 0)\" class=\"has-inline-color has-vivid-cyan-blue-color\">&#8211;&gt; megtal\u00e1lod az egykerekez\u0151 malacot?<\/mark><\/p>\n\n\n\n<p>8. M\u0171v\u00e9szek h\u00e9tv\u00e9g\u00e9je: az \u00e1ltalunk szervezett nosztalgikus cirkusz h\u00e9tv\u00e9ge Vaduz-ban <mark style=\"background-color:rgba(0, 0, 0, 0)\" class=\"has-inline-color has-vivid-cyan-blue-color\">&#8211;&gt; milyen ismer\u0151s \u00e1llat rejt\u0151zik a k\u00e9pen?<\/mark><\/p>\n\n\n\n<p>9. Szezon v\u00e9ge: az Unimogot szerelik \u00e9s a cirkuszkocsit tisztogatjuk, olajozzuk  <mark style=\"background-color:rgba(0, 0, 0, 0)\" class=\"has-inline-color has-vivid-cyan-blue-color\">&#8211;&gt; melyik \u00e1llatokkal tal\u00e1lkozt\u00e1l m\u00e1r a t\u00f6bbi oldalon?<\/mark><\/p>\n\n\n\n<p>10. A cirkuszkocsiban: a mindennapi felfordul\u00e1s a cirkuszkocsiban <mark style=\"background-color:rgba(0, 0, 0, 0)\" class=\"has-inline-color has-vivid-cyan-blue-color\">&#8211;&gt; tudod, hogy mi\u00e9rt van egy denev\u00e9r matrica a piros l\u00e1mp\u00e1n?<\/mark><\/p>\n<\/div>\n<\/div>\n","protected":false},"excerpt":{"rendered":"<p>Tarkabarka b\u00f6ng\u00e9sz\u0151 k\u00f6nvy A Tarkabarka t\u00e1rsulat 10 \u00e9ves \u00e9vfordul\u00f3ja alkalm\u00e1b\u00f3l kiadtunk egy b\u00f6ng\u00e9sz\u0151 k\u00f6nvyet ami betekint\u00e9st ny\u00fajt \u00e9let\u00fcnkbe \u00e9s munk\u00e1nkba. A 10 duplaoldal megrajzol\u00e1s\u00e1t a&#8230;<\/p>\n<div class=\"more-link-wrapper\"><a class=\"more-link\" href=\"https:\/\/www.tarkabarka.li\/hu\/projektek\/tarkabarka-bongeszo-konvy\/\">Continue Reading<span class=\"screen-reader-text\">Tarkabarka b\u00f6ng\u00e9sz\u0151 k\u00f6nvy<\/span><\/a><\/div>\n","protected":false},"author":2,"featured_media":0,"parent":4216,"menu_order":0,"comment_status":"closed","ping_status":"closed","template":"","meta":{"_acf_changed":false,"inline_featured_image":false,"footnotes":""},"class_list":["post-5916","page","type-page","status-publish","hentry","entry"],"acf":[],"_links":{"self":[{"href":"https:\/\/www.tarkabarka.li\/hu\/wp-json\/wp\/v2\/pages\/5916","targetHints":{"allow":["GET"]}}],"collection":[{"href":"https:\/\/www.tarkabarka.li\/hu\/wp-json\/wp\/v2\/pages"}],"about":[{"href":"https:\/\/www.tarkabarka.li\/hu\/wp-json\/wp\/v2\/types\/page"}],"author":[{"embeddable":true,"href":"https:\/\/www.tarkabarka.li\/hu\/wp-json\/wp\/v2\/users\/2"}],"replies":[{"embeddable":true,"href":"https:\/\/www.tarkabarka.li\/hu\/wp-json\/wp\/v2\/comments?post=5916"}],"version-history":[{"count":10,"href":"https:\/\/www.tarkabarka.li\/hu\/wp-json\/wp\/v2\/pages\/5916\/revisions"}],"predecessor-version":[{"id":6117,"href":"https:\/\/www.tarkabarka.li\/hu\/wp-json\/wp\/v2\/pages\/5916\/revisions\/6117"}],"up":[{"embeddable":true,"href":"https:\/\/www.tarkabarka.li\/hu\/wp-json\/wp\/v2\/pages\/4216"}],"wp:attachment":[{"href":"https:\/\/www.tarkabarka.li\/hu\/wp-json\/wp\/v2\/media?parent=5916"}],"curies":[{"name":"wp","href":"https:\/\/api.w.org\/{rel}","templated":true}]}}